





{"id":10009,"date":"2018-09-27T13:49:37","date_gmt":"2018-09-27T11:49:37","guid":{"rendered":"https:\/\/ruralis.no\/prosjekter\/samhandling-mellom-omlandskommunene-luroy-nesna-hemnes-og-regionsenteret-mo-i-rana-kvalitativ-og-kvantitativ-analyse\/"},"modified":"2018-10-08T10:54:35","modified_gmt":"2018-10-08T08:54:35","slug":"samhandling-mellom-omlandskommunene-luroy-nesna-hemnes-og-regionsenteret-mo-i-rana-kvalitativ-og-kvantitativ-analyse","status":"publish","type":"projects","link":"https:\/\/ruralis.no\/en\/projects\/samhandling-mellom-omlandskommunene-luroy-nesna-hemnes-og-regionsenteret-mo-i-rana-kvalitativ-og-kvantitativ-analyse\/","title":{"rendered":"Interaction between the surrounding communities Lur\u00f8y, Nesna, Hemnes and the regional center Mo i Rana &#8211; a qualitative and quantitative analysis"},"content":{"rendered":"<p>Utredningen skal gi et godt kunnskapsgrunnlag om hvordan regionens befolkning (b\u00e5de fastboende, n\u00e6ringsutviklere og fritidshuseiere) vurderer og opplever utfordringer og muligheter i sin region, hvordan de bruker b\u00e5de regionssenteret og omlandet, samt hva de tenker er viktige felles satsninger fremover. Videre er det \u00e5 f\u00e5 regionens kommuner \/ n\u00e6rings- og utviklingsakt\u00f8rer til \u00e5 samarbeide om hele regionens utvikling og vekst et viktig m\u00e5l, herunder \u00e5 f\u00e5 etablert varige strukturer for samarbeid. Det viktigste fokuset er hvordan samhandlingen foreg\u00e5r og kan bli bedre.<\/p>\n","protected":false},"excerpt":{"rendered":"<p>Utredningen skal gi et godt kunnskapsgrunnlag om hvordan regionens befolkning (b\u00e5de fastboende, n\u00e6ringsutviklere og fritidshuseiere) vurderer og opplever utfordringer og muligheter i sin region, hvordan de bruker b\u00e5de regionssenteret og omlandet, samt hva de tenker er viktige felles satsninger fremover. Videre er det \u00e5 f\u00e5 regionens kommuner \/ n\u00e6rings- og utviklingsakt\u00f8rer til \u00e5 samarbeide om&hellip;<\/p>\n","protected":false},"author":15,"featured_media":10008,"template":"","research-areas":[353,352,351],"class_list":["post-10009","projects","type-projects","status-publish","has-post-thumbnail","hentry","research-areas-management-and-policy","research-areas-muncipal-and-regional-development","research-areas-regional-development","state-finished"],"acf":[],"yoast_head":"<!-- This site is optimized with the Yoast SEO plugin v27.4 - https:\/\/yoast.com\/product\/yoast-seo-wordpress\/ -->\n<title>Interaction between the surrounding communities Lur\u00f8y, Nesna, Hemnes and the regional center Mo i Rana - a qualitative and quantitative analysis - Ruralis<\/title>\n<meta name=\"robots\" content=\"index, follow, max-snippet:-1, max-image-preview:large, max-video-preview:-1\" \/>\n<link rel=\"canonical\" href=\"https:\/\/ruralis.no\/en\/projects\/samhandling-mellom-omlandskommunene-luroy-nesna-hemnes-og-regionsenteret-mo-i-rana-kvalitativ-og-kvantitativ-analyse\/\" \/>\n<meta property=\"og:locale\" content=\"en_US\" \/>\n<meta property=\"og:type\" content=\"article\" \/>\n<meta property=\"og:title\" content=\"Interaction between the surrounding communities Lur\u00f8y, Nesna, Hemnes and the regional center Mo i Rana - a qualitative and quantitative analysis - Ruralis\" \/>\n<meta property=\"og:description\" content=\"Utredningen skal gi et godt kunnskapsgrunnlag om hvordan regionens befolkning (b\u00e5de fastboende, n\u00e6ringsutviklere og fritidshuseiere) vurderer og opplever utfordringer og muligheter i sin region, hvordan de bruker b\u00e5de regionssenteret og omlandet, samt hva de tenker er viktige felles satsninger fremover. Videre er det \u00e5 f\u00e5 regionens kommuner \/ n\u00e6rings- og utviklingsakt\u00f8rer til \u00e5 samarbeide om&hellip;\" \/>\n<meta property=\"og:url\" content=\"https:\/\/ruralis.no\/en\/projects\/samhandling-mellom-omlandskommunene-luroy-nesna-hemnes-og-regionsenteret-mo-i-rana-kvalitativ-og-kvantitativ-analyse\/\" \/>\n<meta property=\"og:site_name\" content=\"Ruralis\" \/>\n<meta property=\"article:publisher\" content=\"https:\/\/www.facebook.com\/stiftelsenruralis\/\" \/>\n<meta property=\"article:modified_time\" content=\"2018-10-08T08:54:35+00:00\" \/>\n<meta property=\"og:image\" content=\"https:\/\/ruralis.no\/wp-content\/uploads\/2018\/09\/hemnes-kommune.jpg\" \/>\n\t<meta property=\"og:image:width\" content=\"1772\" \/>\n\t<meta property=\"og:image:height\" content=\"1229\" \/>\n\t<meta property=\"og:image:type\" content=\"image\/jpeg\" \/>\n<meta name=\"twitter:card\" content=\"summary_large_image\" \/>\n<meta name=\"twitter:site\" content=\"@ruralis_no\" \/>\n<script type=\"application\/ld+json\" class=\"yoast-schema-graph\">{\"@context\":\"https:\\\/\\\/schema.org\",\"@graph\":[{\"@type\":\"WebPage\",\"@id\":\"https:\\\/\\\/ruralis.no\\\/en\\\/projects\\\/samhandling-mellom-omlandskommunene-luroy-nesna-hemnes-og-regionsenteret-mo-i-rana-kvalitativ-og-kvantitativ-analyse\\\/\",\"url\":\"https:\\\/\\\/ruralis.no\\\/en\\\/projects\\\/samhandling-mellom-omlandskommunene-luroy-nesna-hemnes-og-regionsenteret-mo-i-rana-kvalitativ-og-kvantitativ-analyse\\\/\",\"name\":\"Interaction between the surrounding communities Lur\u00f8y, Nesna, Hemnes and the regional center Mo i Rana - a qualitative and quantitative analysis - Ruralis\",\"isPartOf\":{\"@id\":\"https:\\\/\\\/ruralis.no\\\/en\\\/#website\"},\"primaryImageOfPage\":{\"@id\":\"https:\\\/\\\/ruralis.no\\\/en\\\/projects\\\/samhandling-mellom-omlandskommunene-luroy-nesna-hemnes-og-regionsenteret-mo-i-rana-kvalitativ-og-kvantitativ-analyse\\\/#primaryimage\"},\"image\":{\"@id\":\"https:\\\/\\\/ruralis.no\\\/en\\\/projects\\\/samhandling-mellom-omlandskommunene-luroy-nesna-hemnes-og-regionsenteret-mo-i-rana-kvalitativ-og-kvantitativ-analyse\\\/#primaryimage\"},\"thumbnailUrl\":\"https:\\\/\\\/ruralis.no\\\/wp-content\\\/uploads\\\/2018\\\/09\\\/hemnes-kommune.jpg\",\"datePublished\":\"2018-09-27T11:49:37+00:00\",\"dateModified\":\"2018-10-08T08:54:35+00:00\",\"breadcrumb\":{\"@id\":\"https:\\\/\\\/ruralis.no\\\/en\\\/projects\\\/samhandling-mellom-omlandskommunene-luroy-nesna-hemnes-og-regionsenteret-mo-i-rana-kvalitativ-og-kvantitativ-analyse\\\/#breadcrumb\"},\"inLanguage\":\"en-US\",\"potentialAction\":[{\"@type\":\"ReadAction\",\"target\":[\"https:\\\/\\\/ruralis.no\\\/en\\\/projects\\\/samhandling-mellom-omlandskommunene-luroy-nesna-hemnes-og-regionsenteret-mo-i-rana-kvalitativ-og-kvantitativ-analyse\\\/\"]}]},{\"@type\":\"ImageObject\",\"inLanguage\":\"en-US\",\"@id\":\"https:\\\/\\\/ruralis.no\\\/en\\\/projects\\\/samhandling-mellom-omlandskommunene-luroy-nesna-hemnes-og-regionsenteret-mo-i-rana-kvalitativ-og-kvantitativ-analyse\\\/#primaryimage\",\"url\":\"https:\\\/\\\/ruralis.no\\\/wp-content\\\/uploads\\\/2018\\\/09\\\/hemnes-kommune.jpg\",\"contentUrl\":\"https:\\\/\\\/ruralis.no\\\/wp-content\\\/uploads\\\/2018\\\/09\\\/hemnes-kommune.jpg\",\"width\":1772,\"height\":1229,\"caption\":\"Hemnes kommune. Foto: Tore M. Furuhatt\"},{\"@type\":\"BreadcrumbList\",\"@id\":\"https:\\\/\\\/ruralis.no\\\/en\\\/projects\\\/samhandling-mellom-omlandskommunene-luroy-nesna-hemnes-og-regionsenteret-mo-i-rana-kvalitativ-og-kvantitativ-analyse\\\/#breadcrumb\",\"itemListElement\":[{\"@type\":\"ListItem\",\"position\":1,\"name\":\"Hjem\",\"item\":\"https:\\\/\\\/ruralis.no\\\/en\\\/\"},{\"@type\":\"ListItem\",\"position\":2,\"name\":\"Projects\",\"item\":\"https:\\\/\\\/ruralis.no\\\/prosjekter\\\/\"},{\"@type\":\"ListItem\",\"position\":3,\"name\":\"Interaction between the surrounding communities Lur\u00f8y, Nesna, Hemnes and the regional center Mo i Rana &#8211; a qualitative and quantitative analysis\"}]},{\"@type\":\"WebSite\",\"@id\":\"https:\\\/\\\/ruralis.no\\\/en\\\/#website\",\"url\":\"https:\\\/\\\/ruralis.no\\\/en\\\/\",\"name\":\"Ruralis\",\"description\":\"Institutt for rural- og regionalforskning\",\"publisher\":{\"@id\":\"https:\\\/\\\/ruralis.no\\\/en\\\/#organization\"},\"potentialAction\":[{\"@type\":\"SearchAction\",\"target\":{\"@type\":\"EntryPoint\",\"urlTemplate\":\"https:\\\/\\\/ruralis.no\\\/en\\\/?s={search_term_string}\"},\"query-input\":{\"@type\":\"PropertyValueSpecification\",\"valueRequired\":true,\"valueName\":\"search_term_string\"}}],\"inLanguage\":\"en-US\"},{\"@type\":\"Organization\",\"@id\":\"https:\\\/\\\/ruralis.no\\\/en\\\/#organization\",\"name\":\"Ruralis - Institutt for rural- og regionalforskning\",\"alternateName\":\"Ruralis\",\"url\":\"https:\\\/\\\/ruralis.no\\\/en\\\/\",\"logo\":{\"@type\":\"ImageObject\",\"inLanguage\":\"en-US\",\"@id\":\"https:\\\/\\\/ruralis.no\\\/en\\\/#\\\/schema\\\/logo\\\/image\\\/\",\"url\":\"https:\\\/\\\/ruralis.no\\\/wp-content\\\/uploads\\\/2023\\\/04\\\/ruralis_logo-1-1.svg\",\"contentUrl\":\"https:\\\/\\\/ruralis.no\\\/wp-content\\\/uploads\\\/2023\\\/04\\\/ruralis_logo-1-1.svg\",\"width\":129,\"height\":64,\"caption\":\"Ruralis - Institutt for rural- og regionalforskning\"},\"image\":{\"@id\":\"https:\\\/\\\/ruralis.no\\\/en\\\/#\\\/schema\\\/logo\\\/image\\\/\"},\"sameAs\":[\"https:\\\/\\\/www.facebook.com\\\/stiftelsenruralis\\\/\",\"https:\\\/\\\/x.com\\\/ruralis_no\",\"https:\\\/\\\/www.instagram.com\\\/ruralis_no\",\"https:\\\/\\\/www.linkedin.com\\\/company\\\/ruralis_no\\\/\",\"https:\\\/\\\/www.youtube.com\\\/@ruralis_no\"]}]}<\/script>\n<!-- \/ Yoast SEO plugin. -->","yoast_head_json":{"title":"Interaction between the surrounding communities Lur\u00f8y, Nesna, Hemnes and the regional center Mo i Rana - a qualitative and quantitative analysis - Ruralis","robots":{"index":"index","follow":"follow","max-snippet":"max-snippet:-1","max-image-preview":"max-image-preview:large","max-video-preview":"max-video-preview:-1"},"canonical":"https:\/\/ruralis.no\/en\/projects\/samhandling-mellom-omlandskommunene-luroy-nesna-hemnes-og-regionsenteret-mo-i-rana-kvalitativ-og-kvantitativ-analyse\/","og_locale":"en_US","og_type":"article","og_title":"Interaction between the surrounding communities Lur\u00f8y, Nesna, Hemnes and the regional center Mo i Rana - a qualitative and quantitative analysis - Ruralis","og_description":"Utredningen skal gi et godt kunnskapsgrunnlag om hvordan regionens befolkning (b\u00e5de fastboende, n\u00e6ringsutviklere og fritidshuseiere) vurderer og opplever utfordringer og muligheter i sin region, hvordan de bruker b\u00e5de regionssenteret og omlandet, samt hva de tenker er viktige felles satsninger fremover. Videre er det \u00e5 f\u00e5 regionens kommuner \/ n\u00e6rings- og utviklingsakt\u00f8rer til \u00e5 samarbeide om&hellip;","og_url":"https:\/\/ruralis.no\/en\/projects\/samhandling-mellom-omlandskommunene-luroy-nesna-hemnes-og-regionsenteret-mo-i-rana-kvalitativ-og-kvantitativ-analyse\/","og_site_name":"Ruralis","article_publisher":"https:\/\/www.facebook.com\/stiftelsenruralis\/","article_modified_time":"2018-10-08T08:54:35+00:00","og_image":[{"width":1772,"height":1229,"url":"https:\/\/ruralis.no\/wp-content\/uploads\/2018\/09\/hemnes-kommune.jpg","type":"image\/jpeg"}],"twitter_card":"summary_large_image","twitter_site":"@ruralis_no","schema":{"@context":"https:\/\/schema.org","@graph":[{"@type":"WebPage","@id":"https:\/\/ruralis.no\/en\/projects\/samhandling-mellom-omlandskommunene-luroy-nesna-hemnes-og-regionsenteret-mo-i-rana-kvalitativ-og-kvantitativ-analyse\/","url":"https:\/\/ruralis.no\/en\/projects\/samhandling-mellom-omlandskommunene-luroy-nesna-hemnes-og-regionsenteret-mo-i-rana-kvalitativ-og-kvantitativ-analyse\/","name":"Interaction between the surrounding communities Lur\u00f8y, Nesna, Hemnes and the regional center Mo i Rana - a qualitative and quantitative analysis - Ruralis","isPartOf":{"@id":"https:\/\/ruralis.no\/en\/#website"},"primaryImageOfPage":{"@id":"https:\/\/ruralis.no\/en\/projects\/samhandling-mellom-omlandskommunene-luroy-nesna-hemnes-og-regionsenteret-mo-i-rana-kvalitativ-og-kvantitativ-analyse\/#primaryimage"},"image":{"@id":"https:\/\/ruralis.no\/en\/projects\/samhandling-mellom-omlandskommunene-luroy-nesna-hemnes-og-regionsenteret-mo-i-rana-kvalitativ-og-kvantitativ-analyse\/#primaryimage"},"thumbnailUrl":"https:\/\/ruralis.no\/wp-content\/uploads\/2018\/09\/hemnes-kommune.jpg","datePublished":"2018-09-27T11:49:37+00:00","dateModified":"2018-10-08T08:54:35+00:00","breadcrumb":{"@id":"https:\/\/ruralis.no\/en\/projects\/samhandling-mellom-omlandskommunene-luroy-nesna-hemnes-og-regionsenteret-mo-i-rana-kvalitativ-og-kvantitativ-analyse\/#breadcrumb"},"inLanguage":"en-US","potentialAction":[{"@type":"ReadAction","target":["https:\/\/ruralis.no\/en\/projects\/samhandling-mellom-omlandskommunene-luroy-nesna-hemnes-og-regionsenteret-mo-i-rana-kvalitativ-og-kvantitativ-analyse\/"]}]},{"@type":"ImageObject","inLanguage":"en-US","@id":"https:\/\/ruralis.no\/en\/projects\/samhandling-mellom-omlandskommunene-luroy-nesna-hemnes-og-regionsenteret-mo-i-rana-kvalitativ-og-kvantitativ-analyse\/#primaryimage","url":"https:\/\/ruralis.no\/wp-content\/uploads\/2018\/09\/hemnes-kommune.jpg","contentUrl":"https:\/\/ruralis.no\/wp-content\/uploads\/2018\/09\/hemnes-kommune.jpg","width":1772,"height":1229,"caption":"Hemnes kommune. Foto: Tore M. Furuhatt"},{"@type":"BreadcrumbList","@id":"https:\/\/ruralis.no\/en\/projects\/samhandling-mellom-omlandskommunene-luroy-nesna-hemnes-og-regionsenteret-mo-i-rana-kvalitativ-og-kvantitativ-analyse\/#breadcrumb","itemListElement":[{"@type":"ListItem","position":1,"name":"Hjem","item":"https:\/\/ruralis.no\/en\/"},{"@type":"ListItem","position":2,"name":"Projects","item":"https:\/\/ruralis.no\/prosjekter\/"},{"@type":"ListItem","position":3,"name":"Interaction between the surrounding communities Lur\u00f8y, Nesna, Hemnes and the regional center Mo i Rana &#8211; a qualitative and quantitative analysis"}]},{"@type":"WebSite","@id":"https:\/\/ruralis.no\/en\/#website","url":"https:\/\/ruralis.no\/en\/","name":"Ruralis","description":"Institutt for rural- og regionalforskning","publisher":{"@id":"https:\/\/ruralis.no\/en\/#organization"},"potentialAction":[{"@type":"SearchAction","target":{"@type":"EntryPoint","urlTemplate":"https:\/\/ruralis.no\/en\/?s={search_term_string}"},"query-input":{"@type":"PropertyValueSpecification","valueRequired":true,"valueName":"search_term_string"}}],"inLanguage":"en-US"},{"@type":"Organization","@id":"https:\/\/ruralis.no\/en\/#organization","name":"Ruralis - Institutt for rural- og regionalforskning","alternateName":"Ruralis","url":"https:\/\/ruralis.no\/en\/","logo":{"@type":"ImageObject","inLanguage":"en-US","@id":"https:\/\/ruralis.no\/en\/#\/schema\/logo\/image\/","url":"https:\/\/ruralis.no\/wp-content\/uploads\/2023\/04\/ruralis_logo-1-1.svg","contentUrl":"https:\/\/ruralis.no\/wp-content\/uploads\/2023\/04\/ruralis_logo-1-1.svg","width":129,"height":64,"caption":"Ruralis - Institutt for rural- og regionalforskning"},"image":{"@id":"https:\/\/ruralis.no\/en\/#\/schema\/logo\/image\/"},"sameAs":["https:\/\/www.facebook.com\/stiftelsenruralis\/","https:\/\/x.com\/ruralis_no","https:\/\/www.instagram.com\/ruralis_no","https:\/\/www.linkedin.com\/company\/ruralis_no\/","https:\/\/www.youtube.com\/@ruralis_no"]}]}},"_links":{"self":[{"href":"https:\/\/ruralis.no\/en\/wp-json\/wp\/v2\/projects\/10009","targetHints":{"allow":["GET"]}}],"collection":[{"href":"https:\/\/ruralis.no\/en\/wp-json\/wp\/v2\/projects"}],"about":[{"href":"https:\/\/ruralis.no\/en\/wp-json\/wp\/v2\/types\/projects"}],"author":[{"embeddable":true,"href":"https:\/\/ruralis.no\/en\/wp-json\/wp\/v2\/users\/15"}],"wp:featuredmedia":[{"embeddable":true,"href":"https:\/\/ruralis.no\/en\/wp-json\/wp\/v2\/media\/10008"}],"wp:attachment":[{"href":"https:\/\/ruralis.no\/en\/wp-json\/wp\/v2\/media?parent=10009"}],"wp:term":[{"taxonomy":"research-areas","embeddable":true,"href":"https:\/\/ruralis.no\/en\/wp-json\/wp\/v2\/research-areas?post=10009"}],"curies":[{"name":"wp","href":"https:\/\/api.w.org\/{rel}","templated":true}]}}